{"id":12615,"date":"2023-10-08T15:03:21","date_gmt":"2023-10-08T14:03:21","guid":{"rendered":"https:\/\/veganova.eu\/?page_id=12615"},"modified":"2025-08-12T20:27:40","modified_gmt":"2025-08-12T18:27:40","slug":"terms-and-conditions","status":"publish","type":"page","link":"https:\/\/veganova.eu\/hu\/terms-and-conditions\/","title":{"rendered":"Felt\u00e9telek \u00e9s felt\u00e9telek"},"content":{"rendered":"<p>\u00c1LTAL\u00c1NOS FELT\u00c9TELEK<\/p>\r\n\r\n\r\n\r\n<p><strong>I. Alapvet\u0151 rendelkez\u00e9sek<\/strong><\/p>\r\n\r\n\r\n\r\n<p>1. A jelen \u00e1ltal\u00e1nos szerz\u0151d\u00e9si felt\u00e9telek (a tov\u00e1bbiakban: \"felt\u00e9telek\") a k\u00f6vetkez\u0151k:<\/p>\r\n\r\n\r\n\r\n<p>HiBerry, s.r.o.<\/p>\r\n\r\n\r\n\r\n<p>ID: 52558738<\/p>\r\n\r\n\r\n\r\n\r\n\r\n<p>\u00c1FA sz\u00e1m: SK2121061415<\/p>\r\n\r\n\r\n\r\n<p>with registered office: Hlavn\u00e1 ulica 5\/194, 919 08 Boler\u00e1z, Slovak republic<\/p>\r\n\r\n\r\n\r\n<p>bejegyezve a Pozsony I. ker\u00fcleti b\u00edr\u00f3s\u00e1gon, 141325\/B iktat\u00f3sz\u00e1mon.<\/p>\r\n\r\n\r\n\r\n<p>e-mail: info@veganova.eu<\/p>\r\n\r\n\r\n\r\n<p>a www.veganova.eu web\u00e1ruh\u00e1z \u00fczemeltet\u0151je<\/p>\r\n\r\n\r\n\r\n<p>(a tov\u00e1bbiakban: \"elad\u00f3\")<\/p>\r\n\r\n\r\n\r\n<p>2. A jelen felt\u00e9telek az elad\u00f3 \u00e9s a www.veganova.sk internetes c\u00edmen el\u00e9rhet\u0151 weboldalon tal\u00e1lhat\u00f3 webes fel\u00fcleten (a tov\u00e1bbiakban: web\u00e1ruh\u00e1z) tal\u00e1lhat\u00f3 webes fel\u00fcleten kereszt\u00fcl v\u00e1s\u00e1rl\u00e1si szerz\u0151d\u00e9st k\u00f6t\u0151 term\u00e9szetes szem\u00e9ly (a tov\u00e1bbiakban: v\u00e1s\u00e1rl\u00f3), mint fogyaszt\u00f3, illetve v\u00e1llalkoz\u00e1si tev\u00e9kenys\u00e9g\u00e9n k\u00edv\u00fcl, vagy v\u00e1llalkoz\u00e1si tev\u00e9kenys\u00e9g\u00e9n bel\u00fcl v\u00e1s\u00e1rl\u00e1si szerz\u0151d\u00e9st k\u00f6t\u0151 term\u00e9szetes szem\u00e9ly (a tov\u00e1bbiakban: v\u00e1s\u00e1rl\u00f3) k\u00f6lcs\u00f6n\u00f6s jogait \u00e9s k\u00f6telezetts\u00e9geit szab\u00e1lyozz\u00e1k.<\/p>\r\n\r\n\r\n\r\n<p>3. A szerz\u0151d\u00e9si felt\u00e9telek rendelkez\u00e9sei az ad\u00e1sv\u00e9teli szerz\u0151d\u00e9s szerves r\u00e9sz\u00e9t k\u00e9pezik. Az ad\u00e1sv\u00e9teli szerz\u0151d\u00e9s elt\u00e9r\u0151 rendelkez\u00e9sei els\u0151bbs\u00e9get \u00e9lveznek a jelen felt\u00e9telek rendelkez\u00e9seivel szemben.<\/p>\r\n\r\n\r\n\r\n<p>4. A jelen felt\u00e9telek \u00e9s az ad\u00e1sv\u00e9teli szerz\u0151d\u00e9s szlov\u00e1k nyelven j\u00f6n l\u00e9tre.<\/p>\r\n\r\n\r\n\r\n<p><strong>II. Inform\u00e1ci\u00f3k az \u00e1rukr\u00f3l \u00e9s az \u00e1rakr\u00f3l<\/strong><\/p>\r\n\r\n\r\n\r\n<p>1. Az \u00e1rucikkekre vonatkoz\u00f3 inform\u00e1ci\u00f3k, bele\u00e9rtve az egyes \u00e1rucikkek \u00e1r\u00e1t \u00e9s f\u0151bb jellemz\u0151it, az egyes \u00e1rucikkekn\u00e9l az online \u00e1ruh\u00e1z katal\u00f3gus\u00e1ban szerepelnek. Az \u00e1ruk \u00e1rai a hozz\u00e1adott\u00e9rt\u00e9k-ad\u00f3t, minden kapcsol\u00f3d\u00f3 d\u00edjat \u00e9s az \u00e1ruk visszak\u00fcld\u00e9s\u00e9nek k\u00f6lts\u00e9geit is tartalmazz\u00e1k, ha az \u00e1ruk jelleg\u00fckn\u00e9l fogva nem k\u00fcldhet\u0151k vissza a szok\u00e1sos postai \u00faton. Az \u00e1ruk \u00e1rai az online \u00e1ruh\u00e1zban val\u00f3 megjelen\u00e9s\u00fck idej\u00e9re \u00e9rv\u00e9nyesek. Ez a rendelkez\u00e9s nem z\u00e1rja ki az egyedileg meg\u00e1llap\u00edtott felt\u00e9telek szerinti ad\u00e1sv\u00e9teli szerz\u0151d\u00e9s megk\u00f6t\u00e9s\u00e9t.<\/p>\r\n\r\n\r\n\r\n<p>2. A web\u00e1ruh\u00e1z katal\u00f3gus\u00e1ban elhelyezett \u00e1ruk bemutat\u00e1sa t\u00e1j\u00e9koztat\u00f3 jelleg\u0171, \u00e9s az elad\u00f3 nem k\u00f6teles ad\u00e1sv\u00e9teli szerz\u0151d\u00e9st k\u00f6tni ezekre az \u00e1rukra vonatkoz\u00f3an.<\/p>\r\n\r\n\r\n\r\n<p>3. Az \u00e1ruk csomagol\u00e1s\u00e1val \u00e9s sz\u00e1ll\u00edt\u00e1s\u00e1val kapcsolatos k\u00f6lts\u00e9gekre vonatkoz\u00f3 inform\u00e1ci\u00f3kat az online \u00e1ruh\u00e1zban tessz\u00fck k\u00f6zz\u00e9. Az online \u00e1ruh\u00e1zban felsorolt \u00e1ruk csomagol\u00e1s\u00e1val \u00e9s sz\u00e1ll\u00edt\u00e1s\u00e1val kapcsolatos k\u00f6lts\u00e9gekre vonatkoz\u00f3 inform\u00e1ci\u00f3k csak abban az esetben \u00e9rv\u00e9nyesek, ha az \u00e1rukat a Szlov\u00e1k K\u00f6zt\u00e1rsas\u00e1g ter\u00fclet\u00e9n bel\u00fcl sz\u00e1ll\u00edtj\u00e1k.<\/p>\r\n\r\n\r\n\r\n<p>4. Az \u00e1ru v\u00e9tel\u00e1r\u00e1b\u00f3l adhat\u00f3 esetleges \u00e1rengedm\u00e9nyek nem vonhat\u00f3k \u00f6ssze egym\u00e1ssal, kiv\u00e9ve, ha az elad\u00f3 \u00e9s a vev\u0151 m\u00e1sk\u00e9nt \u00e1llapodik meg.<\/p>\r\n\r\n\r\n\r\n<p><strong>III. Megrendel\u00e9s \u00e9s az ad\u00e1sv\u00e9teli szerz\u0151d\u00e9s megk\u00f6t\u00e9se<\/strong><\/p>\r\n\r\n\r\n\r\n<p>1. Az ad\u00e1sv\u00e9teli szerz\u0151d\u00e9s megk\u00f6t\u00e9s\u00e9vel kapcsolatban a vev\u0151n\u00e9l a t\u00e1vk\u00f6zl\u0151 eszk\u00f6z\u00f6k haszn\u00e1lata sor\u00e1n felmer\u00fcl\u0151 k\u00f6lts\u00e9geket (internetkapcsolat k\u00f6lts\u00e9gei, telefonh\u00edv\u00e1sok k\u00f6lts\u00e9gei) a vev\u0151 maga viseli. Ezek a k\u00f6lts\u00e9gek nem t\u00e9rnek el az alapd\u00edjt\u00f3l.<\/p>\r\n\r\n\r\n\r\n<p>2. A vev\u0151 az \u00e1rut a k\u00f6vetkez\u0151 m\u00f3don rendeli meg:<\/p>\r\n\r\n\r\n\r\n<ul class=\"wp-block-list\">\r\n<li>az \u00fcgyf\u00e9lfi\u00f3kj\u00e1n kereszt\u00fcl, ha kor\u00e1bban regisztr\u00e1lt az online \u00e1ruh\u00e1zban,<\/li>\r\n\r\n\r\n\r\n<li>a megrendel\u0151lap kit\u00f6lt\u00e9s\u00e9vel, regisztr\u00e1ci\u00f3 n\u00e9lk\u00fcl.<\/li>\r\n<\/ul>\r\n\r\n\r\n\r\n<p>3. A megrendel\u00e9s lead\u00e1sakor a vev\u0151 v\u00e1lasztja ki az \u00e1rut, az \u00e1ru darabsz\u00e1m\u00e1t, a fizet\u00e9si m\u00f3dot \u00e9s a sz\u00e1ll\u00edt\u00e1si m\u00f3dot.<\/p>\r\n\r\n\r\n\r\n<p>4. A megrendel\u00e9s elk\u00fcld\u00e9se el\u0151tt a vev\u0151nek lehet\u0151s\u00e9ge van ellen\u0151rizni \u00e9s m\u00f3dos\u00edtani a megrendel\u00e9sben megadott adatokat. A vev\u0151 a MEGRENDEL\u00c9S FIZET\u00c9SI K\u00d6TELEZ\u00c9SSEL gombra kattintva k\u00fcldi el a megrendel\u00e9st az elad\u00f3nak. A megrendel\u00e9sben megadott adatokat az elad\u00f3 helyesnek tekinti. A megrendel\u00e9s \u00e9rv\u00e9nyess\u00e9g\u00e9nek felt\u00e9tele a megrendel\u0151lapon szerepl\u0151 \u00f6sszes k\u00f6telez\u0151 adat kit\u00f6lt\u00e9se \u00e9s a vev\u0151 meger\u0151s\u00edt\u00e9se, hogy megismerte a jelen felt\u00e9teleket.<\/p>\r\n\r\n\r\n\r\n<p>5. A megrendel\u00e9s be\u00e9rkez\u00e9se ut\u00e1n az elad\u00f3 azonnal elk\u00fcldi a vev\u0151nek a megrendel\u00e9s k\u00e9zhezv\u00e9tel\u00e9r\u0151l sz\u00f3l\u00f3 visszaigazol\u00e1st arra az e-mail c\u00edmre, amelyet a vev\u0151 a megrendel\u00e9s lead\u00e1sakor megadott. Ez a visszaigazol\u00e1s automatikus, \u00e9s nem min\u0151s\u00fcl szerz\u0151d\u00e9snek. A visszaigazol\u00e1shoz csatolj\u00e1k az elad\u00f3 aktu\u00e1lis \u00e1ltal\u00e1nos szerz\u0151d\u00e9si felt\u00e9teleit. Az ad\u00e1sv\u00e9teli szerz\u0151d\u00e9s csak akkor j\u00f6n l\u00e9tre, ha az elad\u00f3 elfogadja a megrendel\u00e9st. A megrendel\u00e9s elfogad\u00e1s\u00e1r\u00f3l sz\u00f3l\u00f3 \u00e9rtes\u00edt\u00e9s a vev\u0151 e-mail c\u00edm\u00e9re \u00e9rkezik. \/ Az elad\u00f3 a megrendel\u00e9s be\u00e9rkez\u00e9s\u00e9t k\u00f6vet\u0151en azonnal elk\u00fcldi a vev\u0151nek a megrendel\u00e9s \u00e1tv\u00e9tel\u00e9r\u0151l sz\u00f3l\u00f3 visszaigazol\u00e1st arra az e-mail c\u00edmre, amelyet a vev\u0151 a megrendel\u00e9s lead\u00e1sakor megadott. Ez a visszaigazol\u00e1s a szerz\u0151d\u00e9s megk\u00f6t\u00e9s\u00e9nek min\u0151s\u00fcl. A visszaigazol\u00e1shoz csatoljuk az elad\u00f3 aktu\u00e1lis \u00e1ltal\u00e1nos szerz\u0151d\u00e9si felt\u00e9teleit. Az ad\u00e1sv\u00e9teli szerz\u0151d\u00e9s az elad\u00f3 \u00e1ltal a vev\u0151 e-mail c\u00edm\u00e9re k\u00fcld\u00f6tt megrendel\u00e9s visszaigazol\u00e1s\u00e1val j\u00f6n l\u00e9tre.<\/p>\r\n\r\n\r\n\r\n<p>6. Abban az esetben, ha az elad\u00f3 nem tudja teljes\u00edteni a megrendel\u00e9sben szerepl\u0151 b\u00e1rmelyik k\u00f6vetelm\u00e9nyt, a vev\u0151 e-mail c\u00edm\u00e9re m\u00f3dos\u00edtott aj\u00e1nlatot k\u00fcld a vev\u0151nek. A m\u00f3dos\u00edtott aj\u00e1nlat az ad\u00e1sv\u00e9teli szerz\u0151d\u00e9s \u00faj tervezet\u00e9nek min\u0151s\u00fcl, \u00e9s az ad\u00e1sv\u00e9teli szerz\u0151d\u00e9s ilyen esetben azzal j\u00f6n l\u00e9tre, hogy a vev\u0151 meger\u0151s\u00edti az elad\u00f3nak a jelen felt\u00e9telekben megadott e-mail c\u00edm\u00e9re k\u00fcld\u00f6tt ezen aj\u00e1nlat elfogad\u00e1s\u00e1t.<\/p>\r\n\r\n\r\n\r\n<p>7. Az elad\u00f3 \u00e1ltal elfogadott minden megrendel\u00e9s k\u00f6telez\u0151 \u00e9rv\u00e9ny\u0171. A vev\u0151 a megrendel\u00e9st mindaddig lemondhatja, am\u00edg az elad\u00f3 nem \u00e9rtes\u00edti a megrendel\u00e9s elfogad\u00e1s\u00e1r\u00f3l. A vev\u0151 a megrendel\u00e9st az elad\u00f3 jelen \u00e1ltal\u00e1nos szerz\u0151d\u00e9si felt\u00e9telekben megadott e-mail c\u00edm\u00e9re k\u00fcld\u00f6tt elektronikus \u00fczenettel mondhatja le.<\/p>\r\n\r\n\r\n\r\n<p>8. Abban az esetben, ha az elad\u00f3 nyilv\u00e1nval\u00f3 technikai hib\u00e1t v\u00e9tett az \u00e1rucikkek \u00e1r\u00e1nak az online \u00e1ruh\u00e1zban t\u00f6rt\u00e9n\u0151 megad\u00e1sakor vagy a rendel\u00e9si folyamat sor\u00e1n, az elad\u00f3 nem k\u00f6teles az \u00e1rut a vev\u0151nek ezen a nyilv\u00e1nval\u00f3an hib\u00e1s \u00e1ron sz\u00e1ll\u00edtani, m\u00e9g akkor sem, ha a megrendel\u00e9s k\u00e9zhezv\u00e9tel\u00e9r\u0151l automatikus visszaigazol\u00e1st k\u00fcldtek a vev\u0151nek a jelen \u00e1ltal\u00e1nos szerz\u0151d\u00e9si felt\u00e9teleknek megfelel\u0151en. Az elad\u00f3 indokolatlan k\u00e9sedelem n\u00e9lk\u00fcl t\u00e1j\u00e9koztatja a vev\u0151t a hib\u00e1r\u00f3l, \u00e9s a vev\u0151 e-mail c\u00edm\u00e9re m\u00f3dos\u00edtott aj\u00e1nlatot k\u00fcld. A m\u00f3dos\u00edtott aj\u00e1nlat az ad\u00e1sv\u00e9teli szerz\u0151d\u00e9s \u00faj tervezet\u00e9nek min\u0151s\u00fcl, \u00e9s az ad\u00e1sv\u00e9teli szerz\u0151d\u00e9s ebben az esetben az\u00e1ltal j\u00f6n l\u00e9tre, hogy a vev\u0151 az elad\u00f3 e-mail c\u00edm\u00e9re megk\u00fcldi az elfogad\u00e1s meger\u0151s\u00edt\u00e9s\u00e9t.<\/p>\r\n\r\n\r\n\r\n<p><strong>IV. \u00dcgyf\u00e9lsz\u00e1mla<\/strong><\/p>\r\n\r\n\r\n\r\n<p>1. A vev\u0151 regisztr\u00e1ci\u00f3ja alapj\u00e1n az online \u00e1ruh\u00e1zban a vev\u0151 hozz\u00e1f\u00e9rhet a v\u00e1s\u00e1rl\u00f3i fi\u00f3kj\u00e1hoz. A vev\u0151 a v\u00e1s\u00e1rl\u00f3i fi\u00f3kj\u00e1b\u00f3l rendelhet \u00e1rut. A vev\u0151 regisztr\u00e1ci\u00f3 n\u00e9lk\u00fcl is rendelhet \u00e1rut.<\/p>\r\n\r\n\r\n\r\n<p>2. Az \u00fcgyf\u00e9lsz\u00e1mla regisztr\u00e1ci\u00f3jakor \u00e9s az \u00e1rubeszerz\u00e9skor a vev\u0151 k\u00f6teles minden adatot helyesen \u00e9s a val\u00f3s\u00e1gnak megfelel\u0151en megadni. A vev\u0151 k\u00f6teles a felhaszn\u00e1l\u00f3i fi\u00f3kban szerepl\u0151 adatokat b\u00e1rmilyen v\u00e1ltoz\u00e1s eset\u00e9n friss\u00edteni. A vev\u0151 \u00e1ltal az \u00fcgyf\u00e9lfi\u00f3kban \u00e9s az \u00e1rubeszerz\u00e9skor megadott adatokat az elad\u00f3 helyesnek tekinti.<\/p>\r\n\r\n\r\n\r\n<p>3. Az \u00fcgyf\u00e9lsz\u00e1ml\u00e1hoz val\u00f3 hozz\u00e1f\u00e9r\u00e9s felhaszn\u00e1l\u00f3n\u00e9vvel \u00e9s jelsz\u00f3val biztos\u00edtott. A vev\u0151 k\u00f6teles az \u00fcgyf\u00e9lsz\u00e1ml\u00e1j\u00e1hoz val\u00f3 hozz\u00e1f\u00e9r\u00e9shez sz\u00fcks\u00e9ges inform\u00e1ci\u00f3kat bizalmasan kezelni. Az elad\u00f3 nem v\u00e1llal felel\u0151ss\u00e9get a v\u00e1s\u00e1rl\u00f3i fi\u00f3kkal val\u00f3 vissza\u00e9l\u00e9sek\u00e9rt harmadik szem\u00e9lyek \u00e1ltal.<\/p>\r\n\r\n\r\n\r\n<p>4. A vev\u0151 nem jogosult arra, hogy harmadik szem\u00e9lyeknek enged\u00e9lyezze a v\u00e1s\u00e1rl\u00f3i fi\u00f3k haszn\u00e1lat\u00e1t.<\/p>\r\n\r\n\r\n\r\n<p>5. Az elad\u00f3 t\u00f6r\u00f6lheti a felhaszn\u00e1l\u00f3i fi\u00f3kot, k\u00fcl\u00f6n\u00f6sen, ha a vev\u0151 hosszabb ideig nem haszn\u00e1lja a felhaszn\u00e1l\u00f3i fi\u00f3kj\u00e1t, vagy ha a vev\u0151 megszegi az ad\u00e1sv\u00e9teli szerz\u0151d\u00e9sben \u00e9s a jelen \u00e1ltal\u00e1nos szerz\u0151d\u00e9si felt\u00e9telekben foglalt k\u00f6telezetts\u00e9geit.<\/p>\r\n\r\n\r\n\r\n<p>6. A vev\u0151 tudom\u00e1sul veszi, hogy a felhaszn\u00e1l\u00f3i fi\u00f3k nem felt\u00e9tlen\u00fcl \u00e1ll folyamatosan rendelkez\u00e9sre, k\u00fcl\u00f6n\u00f6sen az elad\u00f3 hardver- \u00e9s szoftverberendez\u00e9seinek sz\u00fcks\u00e9ges karbantart\u00e1sa, illetve harmadik felek hardver- \u00e9s szoftverberendez\u00e9seinek sz\u00fcks\u00e9ges karbantart\u00e1sa miatt.<\/p>\r\n\r\n\r\n\r\n<p><strong>V. Fizet\u00e9si felt\u00e9telek \u00e9s \u00e1rusz\u00e1ll\u00edt\u00e1s<\/strong><\/p>\r\n\r\n\r\n\r\n<p>1. Az \u00e1ru \u00e1r\u00e1t \u00e9s az \u00e1ru ad\u00e1sv\u00e9teli szerz\u0151d\u00e9s szerinti sz\u00e1ll\u00edt\u00e1s\u00e1val kapcsolatos k\u00f6lts\u00e9geket a vev\u0151 a k\u00f6vetkez\u0151 m\u00f3dokon fizetheti meg:<\/p>\r\n\r\n\r\n\r\n<ul class=\"wp-block-list\">\r\n<li>k\u00e9szp\u00e9nzmentes fizet\u00e9s k\u00e1rty\u00e1val a Stripe fizet\u00e9si \u00e1tj\u00e1r\u00f3n kereszt\u00fcl<\/li>\r\n<\/ul>\r\n\r\n\r\n\r\n<p>2. A vev\u0151 a v\u00e9tel\u00e1rral egy\u00fctt k\u00f6teles az elad\u00f3nak megfizetni az \u00e1ru csomagol\u00e1s\u00e1val \u00e9s sz\u00e1ll\u00edt\u00e1s\u00e1val kapcsolatos k\u00f6lts\u00e9geket a szerz\u0151d\u00e9s szerinti \u00f6sszegben. Hacsak kifejezetten m\u00e1sk\u00e9pp nem rendelkezik, a v\u00e9tel\u00e1r tartalmazza az \u00e1ru kisz\u00e1ll\u00edt\u00e1s\u00e1val kapcsolatos k\u00f6lts\u00e9geket is.<\/p>\r\n\r\n\r\n\r\n<p>3. Fizet\u00e9si \u00e1tj\u00e1r\u00f3n kereszt\u00fcl t\u00f6rt\u00e9n\u0151 fizet\u00e9s eset\u00e9n a vev\u0151 k\u00f6veti az elektronikus fizet\u00e9sek megfelel\u0151 szolg\u00e1ltat\u00f3j\u00e1nak utas\u00edt\u00e1sait.<\/p>\r\n\r\n\r\n\r\n<p>4. Az elad\u00f3 nem k\u00f6vetel a vev\u0151t\u0151l el\u0151leget vagy m\u00e1s hasonl\u00f3 fizet\u00e9st el\u0151re. A v\u00e9tel\u00e1r megfizet\u00e9se az \u00e1ru elsz\u00e1ll\u00edt\u00e1sa el\u0151tt nem min\u0151s\u00fcl el\u0151legnek.<\/p>\r\n\r\n\r\n\r\n<p>5. Az \u00e1rut kisz\u00e1ll\u00edtj\u00e1k a vev\u0151nek:<\/p>\r\n\r\n\r\n\r\n<ul class=\"wp-block-list\">\r\n<li>a vev\u0151 \u00e1ltal a megrendel\u00e9sben megadott c\u00edmre<\/li>\r\n<\/ul>\r\n\r\n\r\n\r\n<p>6. A sz\u00e1ll\u00edt\u00e1si m\u00f3d kiv\u00e1laszt\u00e1sa az \u00e1ruk megrendel\u00e9se sor\u00e1n t\u00f6rt\u00e9nik.<\/p>\r\n\r\n\r\n\r\n<p>7. Ha az ad\u00e1sv\u00e9teli szerz\u0151d\u00e9s szerint az elad\u00f3 k\u00f6teles az \u00e1rut a vev\u0151 \u00e1ltal a megrendel\u00e9sben megjel\u00f6lt helyre sz\u00e1ll\u00edtani, a vev\u0151 k\u00f6teles az \u00e1rut a sz\u00e1ll\u00edt\u00e1skor \u00e1tvenni. Ha a vev\u0151 r\u00e9sz\u00e9r\u0151l felmer\u00fcl\u0151 okok miatt az \u00e1rut ism\u00e9telten vagy a megrendel\u00e9sben meghat\u00e1rozott\u00f3l elt\u00e9r\u0151 m\u00f3don kell lesz\u00e1ll\u00edtani, a vev\u0151 k\u00f6teles megfizetni az \u00e1ru ism\u00e9telt lesz\u00e1ll\u00edt\u00e1s\u00e1val kapcsolatos k\u00f6lts\u00e9geket, illetve az elt\u00e9r\u0151 sz\u00e1ll\u00edt\u00e1si m\u00f3ddal kapcsolatos k\u00f6lts\u00e9geket.<\/p>\r\n\r\n\r\n\r\n<p>8. Az \u00e1ru fuvaroz\u00f3t\u00f3l t\u00f6rt\u00e9n\u0151 \u00e1tv\u00e9telekor a vev\u0151 k\u00f6teles ellen\u0151rizni az \u00e1ru csomagol\u00e1s\u00e1nak s\u00e9rtetlens\u00e9g\u00e9t, \u00e9s esetleges hiba eset\u00e9n halad\u00e9ktalanul \u00e9rtes\u00edteni a fuvaroz\u00f3t. Amennyiben a csomagol\u00e1son olyan s\u00e9r\u00fcl\u00e9st \u00e9szlelnek, amely a sz\u00e1ll\u00edtm\u00e1nyba val\u00f3 illet\u00e9ktelen behatol\u00e1sra utal, a vev\u0151 nem k\u00f6teles a sz\u00e1ll\u00edtm\u00e1nyt a fuvaroz\u00f3t\u00f3l \u00e1tvenni.<\/p>\r\n\r\n\r\n\r\n<p>9. Az elad\u00f3 ad\u00f3igazol\u00e1st - sz\u00e1ml\u00e1t - \u00e1ll\u00edt ki a vev\u0151nek. Az ad\u00f3igazol\u00e1st a vev\u0151 e-mail c\u00edm\u00e9re k\u00fcldi.\/Az ad\u00f3igazol\u00e1st a lesz\u00e1ll\u00edtott \u00e1ruhoz csatolj\u00e1k.<\/p>\r\n\r\n\r\n\r\n<p>10. A vev\u0151 az \u00e1ru tulajdonjog\u00e1t az \u00e1ru teljes v\u00e9tel\u00e1r\u00e1nak kifizet\u00e9s\u00e9vel, bele\u00e9rtve a sz\u00e1ll\u00edt\u00e1si k\u00f6lts\u00e9geket is, de el\u0151sz\u00f6r az \u00e1ru \u00e1tv\u00e9tel\u00e9vel szerzi meg. Az \u00e1ru v\u00e9letlen elveszt\u00e9s\u00e9\u00e9rt, megrong\u00e1l\u00f3d\u00e1s\u00e1\u00e9rt vagy megsemmis\u00fcl\u00e9s\u00e9\u00e9rt val\u00f3 felel\u0151ss\u00e9g az \u00e1ru \u00e1tv\u00e9tel\u00e9nek pillanat\u00e1ban, vagy abban a pillanatban sz\u00e1ll \u00e1t a vev\u0151re, amikor a vev\u0151nek k\u00f6teless\u00e9ge lett volna \u00e1tvenni az \u00e1rut, de ezt az ad\u00e1sv\u00e9teli szerz\u0151d\u00e9s megs\u00e9rt\u00e9s\u00e9vel nem tette meg.<\/p>\r\n\r\n\r\n\r\n<p><strong>VI. A szerz\u0151d\u00e9st\u0151l val\u00f3 el\u00e1ll\u00e1s<\/strong><\/p>\r\n\r\n\r\n\r\n<p>1. Az \u00fczleti tev\u00e9kenys\u00e9g\u00e9n k\u00edv\u00fcl, fogyaszt\u00f3k\u00e9nt ad\u00e1sv\u00e9teli szerz\u0151d\u00e9st k\u00f6t\u00f6tt vev\u0151nek joga van az ad\u00e1sv\u00e9teli szerz\u0151d\u00e9st\u0151l indokol\u00e1s n\u00e9lk\u00fcl is el\u00e1llni.<\/p>\r\n\r\n\r\n\r\n<p>2. A szerz\u0151d\u00e9st\u0151l val\u00f3 el\u00e1ll\u00e1s hat\u00e1rideje 14 nap.<\/p>\r\n\r\n\r\n\r\n<ul class=\"wp-block-list\">\r\n<li>az \u00e1ru \u00e1tv\u00e9tel\u00e9nek napj\u00e1t\u00f3l,<\/li>\r\n\r\n\r\n\r\n<li>az utols\u00f3 \u00e1rusz\u00e1ll\u00edt\u00e1s \u00e1tv\u00e9tel\u00e9nek id\u0151pontj\u00e1t\u00f3l, ha a szerz\u0151d\u00e9s t\u00e1rgya t\u00f6bbf\u00e9le \u00e1rut\u00edpus vagy t\u00f6bb r\u00e9szb\u0151l \u00e1ll\u00f3 sz\u00e1ll\u00edt\u00e1s<\/li>\r\n<\/ul>\r\n\r\n\r\n\r\n<p>3. A vev\u0151 t\u00f6bbek k\u00f6z\u00f6tt nem \u00e1llhat el az ad\u00e1sv\u00e9teli szerz\u0151d\u00e9st\u0151l:<\/p>\r\n\r\n\r\n\r\n<ul class=\"wp-block-list\">\r\n<li>a szolg\u00e1ltat\u00e1sny\u00fajt\u00e1sr\u00f3l, ha azt a szerz\u0151d\u00e9st\u0151l val\u00f3 el\u00e1ll\u00e1sra nyitva \u00e1ll\u00f3 hat\u00e1rid\u0151 lej\u00e1rta el\u0151tt az elad\u00f3 el\u0151zetes kifejezett hozz\u00e1j\u00e1rul\u00e1s\u00e1val teljes\u00edtett\u00e9k, \u00e9s az elad\u00f3 a szerz\u0151d\u00e9s megk\u00f6t\u00e9se el\u0151tt t\u00e1j\u00e9koztatta a vev\u0151t arr\u00f3l, hogy ilyen esetben nincs joga el\u00e1llni a szerz\u0151d\u00e9st\u0151l, \u00e9s ha a szolg\u00e1ltat\u00e1st teljes m\u00e9rt\u00e9kben teljes\u00edtett\u00e9k,<\/li>\r\n\r\n\r\n\r\n<li>az \u00e1ruk vagy szolg\u00e1ltat\u00e1sok sz\u00e1ll\u00edt\u00e1s\u00e1ra, amelyek \u00e1ra az elad\u00f3 akarat\u00e1t\u00f3l f\u00fcggetlen\u00fcl a p\u00e9nz\u00fcgyi piac ingadoz\u00e1sait\u00f3l f\u00fcgg, \u00e9s amelyek a szerz\u0151d\u00e9st\u0151l val\u00f3 el\u00e1ll\u00e1si id\u0151szak alatt k\u00f6vetkezhetnek be,<\/li>\r\n\r\n\r\n\r\n<li>a romland\u00f3 \u00e1ruk, valamint az olyan \u00e1ruk sz\u00e1ll\u00edt\u00e1s\u00e1ra, amelyek jelleg\u00fckb\u0151l ad\u00f3d\u00f3an a sz\u00e1ll\u00edt\u00e1st k\u00f6vet\u0151en visszaford\u00edthatatlanul \u00f6sszekeveredtek m\u00e1s \u00e1rukkal,<\/li>\r\n\r\n\r\n\r\n<li>olyan z\u00e1rt csomagol\u00e1sban sz\u00e1ll\u00edtott \u00e1rukr\u00f3l, amelyek eg\u00e9szs\u00e9gv\u00e9delmi vagy higi\u00e9niai okokb\u00f3l nem alkalmasak a visszak\u00fcld\u00e9sre, \u00e9s amelyek v\u00e9d\u0151csomagol\u00e1sa a sz\u00e1ll\u00edt\u00e1st k\u00f6vet\u0151en felszakadt,<\/li>\r\n\r\n\r\n\r\n<li>a 7. \u00a7 (1) bekezd\u00e9s\u00e9ben eml\u00edtett egy\u00e9b esetekben. a m\u00f3dos\u00edtott, a fogyaszt\u00f3v\u00e9delemr\u0151l sz\u00f3l\u00f3 102\/2014. sz. t\u00f6rv\u00e9ny 6. \u00a7-\u00e1ban foglaltak szerint, amikor az \u00e1ru \u00e9rt\u00e9kes\u00edt\u00e9se vagy szolg\u00e1ltat\u00e1s ny\u00fajt\u00e1sa t\u00e1vollev\u0151k k\u00f6z\u00f6tt k\u00f6t\u00f6tt szerz\u0151d\u00e9s vagy az elad\u00f3 telephely\u00e9n k\u00edv\u00fcl k\u00f6t\u00f6tt szerz\u0151d\u00e9s alapj\u00e1n t\u00f6rt\u00e9nik.<\/li>\r\n<\/ul>\r\n\r\n\r\n\r\n<p>4. A szerz\u0151d\u00e9st\u0151l val\u00f3 el\u00e1ll\u00e1si hat\u00e1rid\u0151 betart\u00e1sa \u00e9rdek\u00e9ben a vev\u0151nek a szerz\u0151d\u00e9st\u0151l val\u00f3 el\u00e1ll\u00e1si hat\u00e1rid\u0151n bel\u00fcl el\u00e1ll\u00e1si nyilatkozatot kell k\u00fcldenie.<\/p>\r\n\r\n\r\n\r\n<p>5. Az ad\u00e1sv\u00e9teli szerz\u0151d\u00e9st\u0151l val\u00f3 el\u00e1ll\u00e1shoz a vev\u0151 az elad\u00f3 \u00e1ltal biztos\u00edtott el\u00e1ll\u00e1si nyilatkozatmint\u00e1t haszn\u00e1lhatja. Az ad\u00e1sv\u00e9teli szerz\u0151d\u00e9st\u0151l val\u00f3 el\u00e1ll\u00e1st a vev\u0151nek az elad\u00f3 jelen felt\u00e9telekben megadott e-mail c\u00edm\u00e9re vagy sz\u00e1ll\u00edt\u00e1si c\u00edm\u00e9re kell elk\u00fcldenie. Az elad\u00f3 halad\u00e9ktalanul visszaigazolja a vev\u0151nek a nyomtatv\u00e1ny k\u00e9zhezv\u00e9tel\u00e9t.<\/p>\r\n\r\n\r\n\r\n<p>6. A szerz\u0151d\u00e9st\u0151l el\u00e1ll\u00f3 vev\u0151 k\u00f6teles az \u00e1rut a szerz\u0151d\u00e9st\u0151l val\u00f3 el\u00e1ll\u00e1st\u00f3l sz\u00e1m\u00edtott 14 napon bel\u00fcl visszak\u00fcldeni az elad\u00f3nak. A vev\u0151 viseli az \u00e1ru elad\u00f3nak t\u00f6rt\u00e9n\u0151 visszak\u00fcld\u00e9s\u00e9vel kapcsolatos k\u00f6lts\u00e9geket, m\u00e9g akkor is, ha az \u00e1ru jelleg\u00e9b\u0151l ad\u00f3d\u00f3an nem k\u00fcldhet\u0151 vissza a szok\u00e1sos postai \u00faton.<\/p>\r\n\r\n\r\n\r\n<p>7. Ha a vev\u0151 el\u00e1ll a szerz\u0151d\u00e9st\u0151l, az elad\u00f3 halad\u00e9ktalanul, de legk\u00e9s\u0151bb a szerz\u0151d\u00e9st\u0151l val\u00f3 el\u00e1ll\u00e1st k\u00f6vet\u0151 14 napon bel\u00fcl visszaadja neki a t\u0151le kapott p\u00e9nz\u00f6sszegeket, bele\u00e9rtve a sz\u00e1ll\u00edt\u00e1si k\u00f6lts\u00e9geket is, ugyanilyen m\u00f3don. Az elad\u00f3 a kapott p\u00e9nzeszk\u00f6z\u00f6ket csak akkor adja vissza a vev\u0151nek m\u00e1s m\u00f3don, ha a vev\u0151 beleegyezik, \u00e9s ha ez nem j\u00e1r tov\u00e1bbi k\u00f6lts\u00e9gekkel.<\/p>\r\n\r\n\r\n\r\n<p>8. Ha a vev\u0151 az elad\u00f3 \u00e1ltal felaj\u00e1nlott legolcs\u00f3bb sz\u00e1ll\u00edt\u00e1si m\u00f3dt\u00f3l elt\u00e9r\u0151 sz\u00e1ll\u00edt\u00e1si m\u00f3dot v\u00e1lasztott, az elad\u00f3 a felaj\u00e1nlott legolcs\u00f3bb sz\u00e1ll\u00edt\u00e1si m\u00f3dnak megfelel\u0151 \u00f6sszegben visszat\u00e9r\u00edti a vev\u0151nek az \u00e1ru sz\u00e1ll\u00edt\u00e1si k\u00f6lts\u00e9g\u00e9t.<\/p>\r\n\r\n\r\n\r\n<p>9. Ha a vev\u0151 el\u00e1ll az ad\u00e1sv\u00e9teli szerz\u0151d\u00e9st\u0151l, az elad\u00f3 nem k\u00f6teles a kapott p\u00e9nz\u00f6sszeget a vev\u0151nek visszaadni, miel\u0151tt a vev\u0151 \u00e1tadja neki az \u00e1rut, vagy igazolja, hogy az \u00e1rut elk\u00fcldte az elad\u00f3nak.<\/p>\r\n\r\n\r\n\r\n<p>10. Az \u00e1rut a vev\u0151nek s\u00e9r\u00fcl\u00e9smentesen, viseletlen\u00fcl, szennyezetlen\u00fcl \u00e9s lehet\u0151leg az eredeti csomagol\u00e1sban kell visszak\u00fcldenie az elad\u00f3nak. Az elad\u00f3 jogosult az \u00e1ruban okozott k\u00e1r megt\u00e9r\u00edt\u00e9se ir\u00e1nti ig\u00e9nyt egyoldal\u00faan besz\u00e1m\u00edtani a vev\u0151nek a v\u00e9tel\u00e1r visszat\u00e9r\u00edt\u00e9s\u00e9re vonatkoz\u00f3 k\u00f6vetel\u00e9s\u00e9be.<\/p>\r\n\r\n\r\n\r\n<p>11. Az elad\u00f3 jogosult el\u00e1llni az ad\u00e1sv\u00e9teli szerz\u0151d\u00e9st\u0151l, ha a k\u00e9szletek elfogytak, az \u00e1ru nem \u00e1ll rendelkez\u00e9sre, vagy ha az \u00e1ru gy\u00e1rt\u00f3ja, import\u0151re vagy sz\u00e1ll\u00edt\u00f3ja le\u00e1ll\u00edtotta az \u00e1ru gy\u00e1rt\u00e1s\u00e1t vagy importj\u00e1t. Az elad\u00f3 err\u0151l halad\u00e9ktalanul \u00e9rtes\u00edti a vev\u0151t a megrendel\u00e9sben megadott e-mail c\u00edmen kereszt\u00fcl, \u00e9s az ad\u00e1sv\u00e9teli szerz\u0151d\u00e9st\u0151l val\u00f3 el\u00e1ll\u00e1sr\u00f3l sz\u00f3l\u00f3 \u00e9rtes\u00edt\u00e9st\u0151l sz\u00e1m\u00edtott 14 napon bel\u00fcl ugyanilyen m\u00f3don vagy a vev\u0151 \u00e1ltal meghat\u00e1rozott m\u00f3don visszautalja a t\u0151le a szerz\u0151d\u00e9s alapj\u00e1n kapott p\u00e9nz\u00f6sszegeket, bele\u00e9rtve a sz\u00e1ll\u00edt\u00e1si k\u00f6lts\u00e9geket is.<\/p>\r\n\r\n\r\n\r\n<p><strong>VII. Hib\u00e1s teljes\u00edt\u00e9sb\u0151l ered\u0151 jogok<\/strong><\/p>\r\n\r\n\r\n\r\n<p>1. Az elad\u00f3 felel\u0151s a vev\u0151vel szemben az\u00e9rt, hogy az \u00e1ru \u00e1tv\u00e9telkor hib\u00e1tlan legyen. Az elad\u00f3 k\u00fcl\u00f6n\u00f6sen az\u00e9rt felel a vev\u0151vel szemben, hogy az \u00e1ru \u00e1tv\u00e9tel\u00e9nek id\u0151pontj\u00e1ban a vev\u0151:<\/p>\r\n\r\n\r\n\r\n<ul class=\"wp-block-list\">\r\n<li>az \u00e1ru olyan tulajdons\u00e1gokkal rendelkezik, amelyekben a felek meg\u00e1llapodtak, meg\u00e1llapod\u00e1s hi\u00e1ny\u00e1ban pedig olyan tulajdons\u00e1gokkal rendelkezik, amelyeket az elad\u00f3 vagy a gy\u00e1rt\u00f3 le\u00edrt, vagy amelyeket a vev\u0151 az \u00e1ru jelleg\u00e9re tekintettel \u00e9s az elad\u00f3 \u00e1ltal tett hirdet\u00e9s alapj\u00e1n elv\u00e1rt,<\/li>\r\n\r\n\r\n\r\n<li>az \u00e1ru alkalmas arra a c\u00e9lra, amelyet az elad\u00f3 a haszn\u00e1lat\u00e1ra vonatkoz\u00f3an megjel\u00f6l, vagy amelyre az ilyen t\u00edpus\u00fa \u00e1rukat \u00e1ltal\u00e1ban haszn\u00e1lj\u00e1k,<\/li>\r\n\r\n\r\n\r\n<li>az \u00e1ruk megfelelnek a meg\u00e1llapod\u00e1s szerinti minta vagy tervezet min\u0151s\u00e9g\u00e9nek vagy kialak\u00edt\u00e1s\u00e1nak, ha a min\u0151s\u00e9get vagy a kialak\u00edt\u00e1st a meg\u00e1llapod\u00e1s szerinti minta vagy tervezet alapj\u00e1n hat\u00e1rozt\u00e1k meg,<\/li>\r\n\r\n\r\n\r\n<li>a megfelel\u0151 mennyis\u00e9g\u0171 vagy s\u00faly\u00fa \u00e1ru \u00e9s<\/li>\r\n\r\n\r\n\r\n<li>az \u00e1ruk megfelelnek a jogszab\u00e1lyi el\u0151\u00edr\u00e1soknak.<\/li>\r\n<\/ul>\r\n\r\n\r\n\r\n<p>2. Ha a hiba az \u00e1ru \u00e1tv\u00e9tel\u00e9t\u0151l sz\u00e1m\u00edtott hat h\u00f3napon bel\u00fcl v\u00e1lik nyilv\u00e1nval\u00f3v\u00e1, \u00fagy kell tekinteni, hogy az \u00e1ru m\u00e1r az \u00e1tv\u00e9telkor hib\u00e1s volt. A vev\u0151 jogosult a fogyaszt\u00e1si cikkeken az \u00e1tv\u00e9telt\u0151l sz\u00e1m\u00edtott huszonn\u00e9gy h\u00f3napon bel\u00fcl fell\u00e9p\u0151 hib\u00e1b\u00f3l ered\u0151 jogait gyakorolni. Ez a rendelkez\u00e9s nem vonatkozik az alacsonyabb \u00e1ron eladott \u00e1rukra olyan hiba miatt, amely\u00e9rt alacsonyabb \u00e1rat \u00e1llap\u00edtottak meg, az \u00e1ruk szok\u00e1sos haszn\u00e1latb\u00f3l ered\u0151 elhaszn\u00e1l\u00f3d\u00e1s\u00e1ra, a haszn\u00e1lt \u00e1rukra olyan hiba miatt, amely az \u00e1ru haszn\u00e1lat\u00e1nak vagy elhaszn\u00e1l\u00f3d\u00e1s\u00e1nak a vev\u0151 \u00e1ltali \u00e1tv\u00e9telkor fenn\u00e1ll\u00f3 m\u00e9rt\u00e9k\u00e9nek megfelel\u0151, vagy ha ez az \u00e1ru jelleg\u00e9b\u0151l k\u00f6vetkezik.<\/p>\r\n\r\n\r\n\r\n<p>3. Hiba eset\u00e9n a vev\u0151 panaszt ny\u00fajthat be az elad\u00f3nak, \u00e9s k\u00f6vetelheti:<\/p>\r\n\r\n\r\n\r\n<ul class=\"wp-block-list\">\r\n<li>ha olyan hib\u00e1r\u00f3l van sz\u00f3, amely elt\u00e1vol\u00edthat\u00f3:<\/li>\r\n\r\n\r\n\r\n<li>az \u00e1ru hib\u00e1j\u00e1nak ingyenes elt\u00e1vol\u00edt\u00e1sa,<\/li>\r\n\r\n\r\n\r\n<li>\u00e1ruk cser\u00e9je \u00faj \u00e1rukra,<\/li>\r\n\r\n\r\n\r\n<li>ha olyan hib\u00e1r\u00f3l van sz\u00f3, amelyet nem lehet elt\u00e1vol\u00edtani:<\/li>\r\n\r\n\r\n\r\n<li>a v\u00e9tel\u00e1rb\u00f3l \u00e9sszer\u0171 \u00e1rengedm\u00e9nyt adnak,<\/li>\r\n\r\n\r\n\r\n<li>el\u00e1ll a szerz\u0151d\u00e9st\u0151l.<\/li>\r\n<\/ul>\r\n\r\n\r\n\r\n<p>4. A vev\u0151nek joga van el\u00e1llni a szerz\u0151d\u00e9st\u0151l,<\/p>\r\n\r\n\r\n\r\n<ul class=\"wp-block-list\">\r\n<li>ha az \u00e1run olyan hiba van, amelyet nem lehet elt\u00e1vol\u00edtani, \u00e9s amely megakad\u00e1lyozza, hogy a term\u00e9ket hib\u00e1tlan term\u00e9kk\u00e9nt megfelel\u0151en haszn\u00e1lj\u00e1k,<\/li>\r\n\r\n\r\n\r\n<li>ha a jav\u00edt\u00e1st k\u00f6vet\u0151en a hiba vagy hib\u00e1k ism\u00e9telt el\u0151fordul\u00e1sa miatt nem tudja megfelel\u0151en haszn\u00e1lni az \u00e1rut,<\/li>\r\n\r\n\r\n\r\n<li>ha az \u00e1ru nagysz\u00e1m\u00fa hib\u00e1ja miatt nem tudja megfelel\u0151en haszn\u00e1lni az \u00e1rut.<\/li>\r\n<\/ul>\r\n\r\n\r\n\r\n<p>5. Az elad\u00f3 k\u00f6teles a reklam\u00e1ci\u00f3t b\u00e1rmely olyan l\u00e9tes\u00edtm\u00e9nyben \u00e1tvenni, ahol a reklam\u00e1ci\u00f3 \u00e1tv\u00e9tele lehets\u00e9ges, vagy ak\u00e1r a sz\u00e9khely\u00e9n vagy telephely\u00e9n is. A fogyaszt\u00f3 az elad\u00f3 \u00e1ltal kijel\u00f6lt szem\u00e9lyn\u00e9l is beny\u00fajthatja panasz\u00e1t. Ha a fogyaszt\u00f3 panasz\u00e1t az elad\u00f3 \u00e1ltal kijel\u00f6lt szem\u00e9ly kezeli, ez ut\u00f3bbi csak a jav\u00edtott \u00e1ru \u00e1tad\u00e1s\u00e1val kezelheti a panaszt, ellenkez\u0151 esetben a panaszt az elad\u00f3hoz tov\u00e1bb\u00edtj\u00e1k feldolgoz\u00e1sra. Az elad\u00f3 k\u00f6teles a vev\u0151nek \u00edr\u00e1sbeli visszaigazol\u00e1st adni arr\u00f3l, hogy a vev\u0151 mikor \u00e9lt a jog\u00e1val, mi a reklam\u00e1ci\u00f3 tartalma \u00e9s a reklam\u00e1ci\u00f3 rendez\u00e9s\u00e9nek milyen m\u00f3dj\u00e1t k\u00e9ri a vev\u0151, valamint a reklam\u00e1ci\u00f3 rendez\u00e9s\u00e9nek id\u0151pontj\u00e1r\u00f3l \u00e9s m\u00f3dj\u00e1r\u00f3l, bele\u00e9rtve a jav\u00edt\u00e1s \u00e9s annak id\u0151tartam\u00e1nak igazol\u00e1s\u00e1t, vagy a reklam\u00e1ci\u00f3 \u00edr\u00e1sbeli indokl\u00e1ssal t\u00f6rt\u00e9n\u0151 elutas\u00edt\u00e1s\u00e1t.<\/p>\r\n\r\n\r\n\r\n<p>6. Ha a fogyaszt\u00f3 panaszt tesz, az elad\u00f3 vagy az \u00e1ltala megb\u00edzott alkalmazott vagy kijel\u00f6lt szem\u00e9ly k\u00f6teles t\u00e1j\u00e9koztatni a fogyaszt\u00f3t a hib\u00e1s teljes\u00edt\u00e9sb\u0151l ered\u0151 jogair\u00f3l. A fogyaszt\u00f3 d\u00f6nt\u00e9se alapj\u00e1n, amelyet a hib\u00e1s teljes\u00edt\u00e9sb\u0151l ered\u0151 jogaib\u00f3l gyakorol, az elad\u00f3 vagy az \u00e1ltala megb\u00edzott alkalmazott vagy kijel\u00f6lt szem\u00e9ly k\u00f6teles halad\u00e9ktalanul, \u00f6sszetett esetben legk\u00e9s\u0151bb a panaszok beny\u00fajt\u00e1s\u00e1nak napj\u00e1t\u00f3l sz\u00e1m\u00edtott h\u00e1rom munkanapon bel\u00fcl, indokolt esetben, k\u00fcl\u00f6n\u00f6sen, ha az \u00e1ru \u00e1llapot\u00e1nak komplex m\u0171szaki felm\u00e9r\u00e9se sz\u00fcks\u00e9ges, legk\u00e9s\u0151bb a panasz beny\u00fajt\u00e1s\u00e1t\u00f3l sz\u00e1m\u00edtott 30 napon bel\u00fcl meghat\u00e1rozni a panasz kezel\u00e9s\u00e9nek m\u00f3dj\u00e1t. . A reklam\u00e1ci\u00f3 feldolgoz\u00e1s\u00e1nak m\u00f3dj\u00e1nak meghat\u00e1roz\u00e1sa ut\u00e1n a reklam\u00e1ci\u00f3t, bele\u00e9rtve a hiba elh\u00e1r\u00edt\u00e1s\u00e1t is, azonnal, indokolt esetben a reklam\u00e1ci\u00f3 k\u00e9s\u0151bb is feldolgozhat\u00f3. A reklam\u00e1ci\u00f3 kezel\u00e9se, bele\u00e9rtve a hiba elh\u00e1r\u00edt\u00e1s\u00e1t is, azonban nem tarthat tov\u00e1bb a reklam\u00e1ci\u00f3 beny\u00fajt\u00e1s\u00e1t\u00f3l sz\u00e1m\u00edtott 30 napn\u00e1l. Ezen hat\u00e1rid\u0151 eredm\u00e9nytelen eltelte a szerz\u0151d\u00e9s l\u00e9nyeges megszeg\u00e9s\u00e9nek min\u0151s\u00fcl, \u00e9s a vev\u0151nek joga van el\u00e1llni az ad\u00e1sv\u00e9teli szerz\u0151d\u00e9st\u0151l, vagy joga van az \u00e1rut \u00faj \u00e1rura cser\u00e9lni. A reklam\u00e1ci\u00f3 alkalmaz\u00e1s\u00e1nak id\u0151pontj\u00e1nak az a pillanat tekintend\u0151, amikor a vev\u0151 akarata az elad\u00f3 fel\u00e9 megnyilv\u00e1nul (a hib\u00e1s teljes\u00edt\u00e9sb\u0151l ered\u0151 jog gyakorl\u00e1sa).<\/p>\r\n\r\n\r\n\r\n<p>7. Az elad\u00f3 legk\u00e9s\u0151bb a reklam\u00e1ci\u00f3 napj\u00e1t\u00f3l sz\u00e1m\u00edtott 30 napon bel\u00fcl \u00edr\u00e1sban t\u00e1j\u00e9koztatja a vev\u0151t a reklam\u00e1ci\u00f3 eredm\u00e9ny\u00e9r\u0151l.<\/p>\r\n\r\n\r\n\r\n<p>8. A hib\u00e1s teljes\u00edt\u00e9sb\u0151l ered\u0151 jog nem illeti meg a vev\u0151t, ha a vev\u0151 a dolog \u00e1tv\u00e9tele el\u0151tt tudta, hogy a dolog hib\u00e1s, vagy ha a vev\u0151 maga okozta a hib\u00e1t.<\/p>\r\n\r\n\r\n\r\n<p>9. Jogos reklam\u00e1ci\u00f3 eset\u00e9n a vev\u0151 jogosult a reklam\u00e1ci\u00f3 alkalmaz\u00e1s\u00e1val kapcsolatban felmer\u00fclt, c\u00e9lszer\u0171en felmer\u00fclt k\u00f6lts\u00e9gek megt\u00e9r\u00edt\u00e9s\u00e9re. A vev\u0151 ezt a jog\u00e1t a j\u00f3t\u00e1ll\u00e1si id\u0151 lej\u00e1rt\u00e1t k\u00f6vet\u0151 egy h\u00f3napon bel\u00fcl gyakorolhatja az elad\u00f3n\u00e1l.<\/p>\r\n\r\n\r\n\r\n<p>10. A vev\u0151 v\u00e1laszthat a reklam\u00e1ci\u00f3 m\u00f3dj\u00e1r\u00f3l \u00e9s annak feldolgoz\u00e1s\u00e1r\u00f3l, ha t\u00f6bb lehet\u0151s\u00e9g van.<\/p>\r\n\r\n\r\n\r\n<p>11. A szerz\u0151d\u0151 felek hib\u00e1s teljes\u00edt\u00e9sb\u0151l ered\u0151 jogaira \u00e9s k\u00f6telezetts\u00e9geire a m\u00f3dos\u00edtott Polg\u00e1ri T\u00f6rv\u00e9nyk\u00f6nyvr\u0151l sz\u00f3l\u00f3 40\/1964. sz. t\u00f6rv\u00e9nycikk 499-510. \u00a7-ai, 596-600. \u00a7-ai \u00e9s 619-627. \u00a7-ai, valamint a fogyaszt\u00f3v\u00e9delemr\u0151l sz\u00f3l\u00f3 m\u00f3dos\u00edtott 250\/2007. sz. t\u00f6rv\u00e9nycikkek az ir\u00e1nyad\u00f3k.<\/p>\r\n\r\n\r\n\r\n<p>12. A felek egy\u00e9b jogait \u00e9s k\u00f6telezetts\u00e9geit, amelyek az elad\u00f3 hib\u00e1k\u00e9rt val\u00f3 felel\u0151ss\u00e9g\u00e9vel kapcsolatosak, az elad\u00f3 panaszelj\u00e1r\u00e1sa szab\u00e1lyozza.<\/p>\r\n\r\n\r\n\r\n<p><strong>VIII. Sz\u00e1ll\u00edt\u00e1s<\/strong><\/p>\r\n\r\n\r\n\r\n<p>1. A szerz\u0151d\u0151 felek minden \u00edr\u00e1sbeli levelez\u00e9st elektronikus lev\u00e9lben is eljuttathatnak egym\u00e1shoz.<\/p>\r\n\r\n\r\n\r\n<p>2. A vev\u0151 a levelez\u00e9st az elad\u00f3nak a jelen szerz\u0151d\u00e9si felt\u00e9telekben megadott e-mail c\u00edmre k\u00fcldi meg. Az elad\u00f3 a vev\u0151nek sz\u00f3l\u00f3 levelez\u00e9st a vev\u0151i fi\u00f3kj\u00e1ban vagy a megrendel\u00e9sben megadott e-mail c\u00edmre k\u00fcldi meg.<\/p>\r\n\r\n\r\n\r\n<p><strong>IX. A jogvit\u00e1k peren k\u00edv\u00fcli rendez\u00e9se<\/strong><\/p>\r\n\r\n\r\n\r\n<p>1. A fogyaszt\u00f3nak joga van az elad\u00f3hoz fordulni korrekci\u00f3s k\u00e9relemmel, ha nem el\u00e9gedett azzal, ahogyan az elad\u00f3 a panasz\u00e1t kezelte, vagy ha \u00fagy v\u00e9li, hogy az elad\u00f3 megs\u00e9rtette a jogait. 2. A fogyaszt\u00f3nak joga van alternat\u00edv (peren k\u00edv\u00fcli) vitarendez\u00e9s kezdem\u00e9nyez\u00e9s\u00e9re ir\u00e1nyul\u00f3 javaslatot beny\u00fajtani az alternat\u00edv vitarendez\u00e9ssel foglalkoz\u00f3 szervezethez, ha az elad\u00f3 az el\u0151z\u0151 mondat szerinti k\u00e9relemre negat\u00edvan v\u00e1laszolt, vagy a k\u00e9relem elk\u00fcld\u00e9s\u00e9t\u0151l sz\u00e1m\u00edtott 30 napon bel\u00fcl nem v\u00e1laszolt r\u00e1. Ez nem \u00e9rinti a fogyaszt\u00f3 azon lehet\u0151s\u00e9g\u00e9t, hogy b\u00edr\u00f3s\u00e1ghoz forduljon.<\/p>\r\n\r\n\r\n\r\n<p><strong>X. Z\u00e1r\u00f3 rendelkez\u00e9sek<\/strong><\/p>\r\n\r\n\r\n\r\n<p>1. Az elad\u00f3 \u00e9s a vev\u0151 k\u00f6z\u00f6tti minden meg\u00e1llapod\u00e1sra a Szlov\u00e1k K\u00f6zt\u00e1rsas\u00e1g jogrendje az ir\u00e1nyad\u00f3. Ha az ad\u00e1sv\u00e9teli szerz\u0151d\u00e9ssel l\u00e9tes\u00edtett kapcsolat nemzetk\u00f6zi elemet tartalmaz, a felek meg\u00e1llapodtak abban, hogy a kapcsolatra a Szlov\u00e1k K\u00f6zt\u00e1rsas\u00e1g joga az ir\u00e1nyad\u00f3. Ez nem \u00e9rinti a fogyaszt\u00f3nak az \u00e1ltal\u00e1nosan k\u00f6telez\u0151 \u00e9rv\u00e9ny\u0171 jogszab\u00e1lyokb\u00f3l ered\u0151 jogait.<\/p>\r\n\r\n\r\n\r\n<p>2. A vev\u0151vel szemben az elad\u00f3 nem k\u00f6telezi mag\u00e1t a fogyaszt\u00f3v\u00e9delemr\u0151l sz\u00f3l\u00f3 m\u00f3dos\u00edtott 250\/2007. sz. t\u00f6rv\u00e9ny rendelkez\u00e9sei szerinti magatart\u00e1si k\u00f3dexekre.<\/p>\r\n\r\n\r\n\r\n<p>3. Az elad\u00f3 weboldal\u00e1nak minden joga, k\u00fcl\u00f6n\u00f6sen a tartalom szerz\u0151i joga, bele\u00e9rtve az oldal elrendez\u00e9s\u00e9t, a f\u00e9nyk\u00e9peket, filmeket, grafik\u00e1kat, v\u00e9djegyeket, log\u00f3kat \u00e9s egy\u00e9b tartalmakat \u00e9s elemeket, az elad\u00f3t illeti. Tilos a honlapot vagy annak egy r\u00e9sz\u00e9t az elad\u00f3 hozz\u00e1j\u00e1rul\u00e1sa n\u00e9lk\u00fcl m\u00e1solni, m\u00f3dos\u00edtani vagy m\u00e1s m\u00f3don felhaszn\u00e1lni.<\/p>\r\n\r\n\r\n\r\n<p>4. Az elad\u00f3 nem felel\u0151s a web\u00e1ruh\u00e1zban harmadik szem\u00e9lyek beavatkoz\u00e1s\u00e1b\u00f3l, illetve a web\u00e1ruh\u00e1z rendeltet\u00e9sellenes haszn\u00e1lat\u00e1b\u00f3l ered\u0151 hib\u00e1k\u00e9rt. A vev\u0151 a web\u00e1ruh\u00e1z haszn\u00e1lata sor\u00e1n nem alkalmazhat olyan elj\u00e1r\u00e1sokat, amelyek negat\u00edv hat\u00e1ssal lehetnek a web\u00e1ruh\u00e1z m\u0171k\u00f6d\u00e9s\u00e9re, \u00e9s nem v\u00e9gezhet olyan tev\u00e9kenys\u00e9get, amely lehet\u0151v\u00e9 teszi sz\u00e1m\u00e1ra vagy harmadik szem\u00e9lyeknek, hogy a web\u00e1ruh\u00e1zat alkot\u00f3 szoftverekbe vagy egy\u00e9b \u00f6sszetev\u0151kbe beavatkozzanak, illetve azokat haszn\u00e1lj\u00e1k, \u00e9s a web\u00e1ruh\u00e1zat vagy annak r\u00e9szeit vagy szoftveres berendez\u00e9seit olyan m\u00f3don haszn\u00e1lj\u00e1k, amely ellent\u00e9tes a web\u00e1ruh\u00e1z c\u00e9lj\u00e1val vagy rendeltet\u00e9s\u00e9vel.<\/p>\r\n\r\n\r\n\r\n<p>5. Az ad\u00e1sv\u00e9teli szerz\u0151d\u00e9st, bele\u00e9rtve a szerz\u0151d\u00e9si felt\u00e9teleket is, az elad\u00f3 elektronikus form\u00e1ban archiv\u00e1lja, \u00e9s az nem nyilv\u00e1nos.<\/p>\r\n\r\n\r\n\r\n<p>6. A felt\u00e9telek sz\u00f6veg\u00e9t az elad\u00f3 megv\u00e1ltoztathatja vagy kieg\u00e9sz\u00edtheti. Ez a rendelkez\u00e9s nem \u00e9rinti a felt\u00e9telek el\u0151z\u0151 v\u00e1ltozat\u00e1nak \u00e9rv\u00e9nyess\u00e9gi ideje alatt keletkezett jogokat \u00e9s k\u00f6telezetts\u00e9geket.<\/p>\r\n\r\n\r\n\r\n<p><em>Ezek a felt\u00e9telek 2023. febru\u00e1r 1-j\u00e9n l\u00e9pnek hat\u00e1lyba.<\/em><\/p>","protected":false},"excerpt":{"rendered":"<p>GENERAL TERMS AND CONDITIONS I. Basic provisions 1. These general terms and conditions (hereinafter referred to as &#8220;terms and conditions&#8221;) are issued: HiBerry, s.r.o. ID: 52558738 VAT number: SK2121061415 with registered office: Hlavn\u00e1 ulica 5\/194, 919 08 Boler\u00e1z, Slovak republic registered at the Bratislava I District Court, file 141325\/B email: info@veganova.eu operator of the e- [&hellip;]<\/p>\n","protected":false},"author":1,"featured_media":0,"parent":0,"menu_order":0,"comment_status":"closed","ping_status":"closed","template":"","meta":{"advanced_seo_description":"","jetpack_seo_html_title":"","jetpack_seo_noindex":false,"footnotes":""},"class_list":["post-12615","page","type-page","status-publish","hentry"],"jetpack_sharing_enabled":true,"jetpack_shortlink":"https:\/\/wp.me\/PeA86S-3ht","_links":{"self":[{"href":"https:\/\/veganova.eu\/hu\/wp-json\/wp\/v2\/pages\/12615","targetHints":{"allow":["GET"]}}],"collection":[{"href":"https:\/\/veganova.eu\/hu\/wp-json\/wp\/v2\/pages"}],"about":[{"href":"https:\/\/veganova.eu\/hu\/wp-json\/wp\/v2\/types\/page"}],"author":[{"embeddable":true,"href":"https:\/\/veganova.eu\/hu\/wp-json\/wp\/v2\/users\/1"}],"replies":[{"embeddable":true,"href":"https:\/\/veganova.eu\/hu\/wp-json\/wp\/v2\/comments?post=12615"}],"version-history":[{"count":4,"href":"https:\/\/veganova.eu\/hu\/wp-json\/wp\/v2\/pages\/12615\/revisions"}],"predecessor-version":[{"id":59934,"href":"https:\/\/veganova.eu\/hu\/wp-json\/wp\/v2\/pages\/12615\/revisions\/59934"}],"wp:attachment":[{"href":"https:\/\/veganova.eu\/hu\/wp-json\/wp\/v2\/media?parent=12615"}],"curies":[{"name":"wp","href":"https:\/\/api.w.org\/{rel}","templated":true}]}}